{"id":5815,"date":"2026-07-17T09:34:28","date_gmt":"2026-07-17T07:34:28","guid":{"rendered":"https:\/\/www.cevena.fr\/?page_id=5815"},"modified":"2026-07-29T15:51:42","modified_gmt":"2026-07-29T13:51:42","slug":"nos-missions-employeurs-salaries","status":"publish","type":"page","link":"https:\/\/www.cevena.fr\/index.php\/nos-missions-employeurs-salaries\/","title":{"rendered":"Nos missions\/Employeurs &amp; salari\u00e9s"},"content":{"rendered":"<p>[et_pb_section fb_built=\u00a0\u00bb1&Prime; _builder_version=\u00a0\u00bb4.27.7&Prime; _module_preset=\u00a0\u00bbdefault\u00a0\u00bb background_enable_image=\u00a0\u00bboff\u00a0\u00bb min_height=\u00a0\u00bb402px\u00a0\u00bb custom_margin=\u00a0\u00bb||||false|false\u00a0\u00bb custom_padding=\u00a0\u00bb0px||||false|false\u00a0\u00bb global_colors_info=\u00a0\u00bb{}\u00a0\u00bb][et_pb_row _builder_version=\u00a0\u00bb4.27.7&Prime; _module_preset=\u00a0\u00bbdefault\u00a0\u00bb background_image=\u00a0\u00bbhttps:\/\/www.cevena.fr\/wp-content\/uploads\/2026\/07\/Nos-missions.png\u00a0\u00bb width=\u00a0\u00bb100%\u00a0\u00bb module_alignment=\u00a0\u00bbcenter\u00a0\u00bb min_height=\u00a0\u00bb456.8px\u00a0\u00bb custom_margin=\u00a0\u00bb-32px|97px||16px|false|false\u00a0\u00bb custom_padding=\u00a0\u00bb0px||0px|0px||\u00a0\u00bb global_colors_info=\u00a0\u00bb{}\u00a0\u00bb][et_pb_column type=\u00a0\u00bb4_4&Prime; _builder_version=\u00a0\u00bb4.27.7&Prime; _module_preset=\u00a0\u00bbdefault\u00a0\u00bb global_colors_info=\u00a0\u00bb{}\u00a0\u00bb][et_pb_text _builder_version=\u00a0\u00bb4.27.7&Prime; _module_preset=\u00a0\u00bbdefault\u00a0\u00bb header_font=\u00a0\u00bbUrbanist|600|||||||\u00a0\u00bb header_text_align=\u00a0\u00bbcenter\u00a0\u00bb header_text_color=\u00a0\u00bb#8A8A8A\u00a0\u00bb header_font_size=\u00a0\u00bb36px\u00a0\u00bb header_letter_spacing=\u00a0\u00bb7px\u00a0\u00bb header_2_font=\u00a0\u00bbUrbanist||||||||\u00a0\u00bb background_color=\u00a0\u00bbrgba(255,255,255,0.66)\u00a0\u00bb width=\u00a0\u00bb81%\u00a0\u00bb max_width=\u00a0\u00bb100%\u00a0\u00bb module_alignment=\u00a0\u00bbcenter\u00a0\u00bb custom_margin=\u00a0\u00bb200px||6px||false|false\u00a0\u00bb custom_padding=\u00a0\u00bb7px||4px||false|false\u00a0\u00bb global_colors_info=\u00a0\u00bb{}\u00a0\u00bb]<\/p>\n<h1>Nos missions<\/h1>\n<p>[\/et_pb_text][\/et_pb_column][\/et_pb_row][\/et_pb_section][et_pb_section fb_built=\u00a0\u00bb1&Prime; _builder_version=\u00a0\u00bb4.27.7&Prime; _module_preset=\u00a0\u00bbdefault\u00a0\u00bb global_colors_info=\u00a0\u00bb{}\u00a0\u00bb][et_pb_row _builder_version=\u00a0\u00bb4.27.7&Prime; _module_preset=\u00a0\u00bbdefault\u00a0\u00bb hover_enabled=\u00a0\u00bb0&Prime; global_colors_info=\u00a0\u00bb{}\u00a0\u00bb custom_margin=\u00a0\u00bb-80px||-40px||false|false\u00a0\u00bb sticky_enabled=\u00a0\u00bb0&Prime;][et_pb_column type=\u00a0\u00bb4_4&Prime; _builder_version=\u00a0\u00bb4.27.7&Prime; _module_preset=\u00a0\u00bbdefault\u00a0\u00bb global_colors_info=\u00a0\u00bb{}\u00a0\u00bb][et_pb_text _builder_version=\u00a0\u00bb4.27.7&Prime; _module_preset=\u00a0\u00bbdefault\u00a0\u00bb header_2_font=\u00a0\u00bbUrbanist||||||||\u00a0\u00bb custom_margin=\u00a0\u00bb||-1px||false|false\u00a0\u00bb link_option_url=\u00a0\u00bbhttps:\/\/www.cevena.fr\/index.php\/suivi-individuel\/\u00a0\u00bb link_option_url_new_window=\u00a0\u00bbon\u00a0\u00bb global_colors_info=\u00a0\u00bb{}\u00a0\u00bb]<\/p>\n<ul>\n<li>\n<h2>Suivi individuel de sant\u00e9 des salari\u00e9s<\/h2>\n<\/li>\n<\/ul>\n<p>[\/et_pb_text][et_pb_text _builder_version=\u00a0\u00bb4.27.7&Prime; _module_preset=\u00a0\u00bbdefault\u00a0\u00bb header_2_font=\u00a0\u00bbUrbanist||||||||\u00a0\u00bb custom_margin=\u00a0\u00bb||-1px||false|false\u00a0\u00bb link_option_url=\u00a0\u00bbhttps:\/\/www.cevena.fr\/index.php\/actions-et-prevention\/\u00a0\u00bb link_option_url_new_window=\u00a0\u00bbon\u00a0\u00bb global_colors_info=\u00a0\u00bb{}\u00a0\u00bb]<\/p>\n<ul>\n<li>\n<h2>Pr\u00e9vention des risques professionnels<\/h2>\n<\/li>\n<\/ul>\n<p>[\/et_pb_text][et_pb_text _builder_version=\u00a0\u00bb4.27.7&Prime; _module_preset=\u00a0\u00bbdefault\u00a0\u00bb header_2_font=\u00a0\u00bbUrbanist||||||||\u00a0\u00bb custom_margin=\u00a0\u00bb||-1px||false|false\u00a0\u00bb link_option_url=\u00a0\u00bbhttps:\/\/www.cevena.fr\/index.php\/cellule-pdp-v2\/\u00a0\u00bb link_option_url_new_window=\u00a0\u00bbon\u00a0\u00bb global_colors_info=\u00a0\u00bb{}\u00a0\u00bb]<\/p>\n<ul>\n<li>\n<h2>Pr\u00e9vention D\u00e9sinsertion Professionnelle (PDP)<\/h2>\n<\/li>\n<\/ul>\n<p>[\/et_pb_text][et_pb_text _builder_version=\u00a0\u00bb4.27.7&Prime; _module_preset=\u00a0\u00bbdefault\u00a0\u00bb text_font=\u00a0\u00bbUrbanist||||||||\u00a0\u00bb header_2_font=\u00a0\u00bbUrbanist||||||||\u00a0\u00bb custom_margin=\u00a0\u00bb||-1px||false|false\u00a0\u00bb link_option_url=\u00a0\u00bbhttps:\/\/www.cevena.fr\/index.php\/5863-2\/\u00a0\u00bb link_option_url_new_window=\u00a0\u00bbon\u00a0\u00bb global_colors_info=\u00a0\u00bb{}\u00a0\u00bb]<\/p>\n<ul>\n<li>\n<h2>Nos offres de services<\/h2>\n<\/li>\n<\/ul>\n<p>[\/et_pb_text][\/et_pb_column][\/et_pb_row][\/et_pb_section]<\/p>\n","protected":false},"excerpt":{"rendered":"<p>Nos missions Suivi individuel de sant\u00e9 des salari\u00e9s Pr\u00e9vention des risques professionnels Pr\u00e9vention D\u00e9sinsertion Professionnelle (PDP) Nos offres de services<\/p>\n","protected":false},"author":1,"featured_media":0,"parent":0,"menu_order":0,"comment_status":"closed","ping_status":"closed","template":"","meta":{"_et_pb_use_builder":"on","_et_pb_old_content":"","_et_gb_content_width":"","footnotes":""},"class_list":["post-5815","page","type-page","status-publish","hentry"],"_links":{"self":[{"href":"https:\/\/www.cevena.fr\/index.php\/wp-json\/wp\/v2\/pages\/5815","targetHints":{"allow":["GET"]}}],"collection":[{"href":"https:\/\/www.cevena.fr\/index.php\/wp-json\/wp\/v2\/pages"}],"about":[{"href":"https:\/\/www.cevena.fr\/index.php\/wp-json\/wp\/v2\/types\/page"}],"author":[{"embeddable":true,"href":"https:\/\/www.cevena.fr\/index.php\/wp-json\/wp\/v2\/users\/1"}],"replies":[{"embeddable":true,"href":"https:\/\/www.cevena.fr\/index.php\/wp-json\/wp\/v2\/comments?post=5815"}],"version-history":[{"count":22,"href":"https:\/\/www.cevena.fr\/index.php\/wp-json\/wp\/v2\/pages\/5815\/revisions"}],"predecessor-version":[{"id":6204,"href":"https:\/\/www.cevena.fr\/index.php\/wp-json\/wp\/v2\/pages\/5815\/revisions\/6204"}],"wp:attachment":[{"href":"https:\/\/www.cevena.fr\/index.php\/wp-json\/wp\/v2\/media?parent=5815"}],"curies":[{"name":"wp","href":"https:\/\/api.w.org\/{rel}","templated":true}]}}